{"id":3,"date":"2022-01-06T19:08:18","date_gmt":"2022-01-06T18:08:18","guid":{"rendered":"http:\/\/atelierdelaforetdehez.fr\/?page_id=3"},"modified":"2022-04-10T18:04:54","modified_gmt":"2022-04-10T16:04:54","slug":"politique-de-confidentialite","status":"publish","type":"page","link":"https:\/\/atelierdelaforetdehez.fr\/?page_id=3","title":{"rendered":"Mentions L\u00e9gales"},"content":{"rendered":"<div class=\"vce-row-container\" data-vce-boxed-width=\"true\"><div class=\"vce-row vce-row--col-gap-30 vce-row-equal-height vce-row-content--top\" id=\"el-7d7ceb7b\" data-vce-do-apply=\"all el-7d7ceb7b\"><div class=\"vce-row-content\" data-vce-element-content=\"true\"><div class=\"vce-col vce-col--md-auto vce-col--xs-1 vce-col--xs-last vce-col--xs-first vce-col--sm-last vce-col--sm-first vce-col--md-last vce-col--lg-last vce-col--xl-last vce-col--md-first vce-col--lg-first vce-col--xl-first\" id=\"el-b14d575d\"><div class=\"vce-col-inner\" data-vce-do-apply=\"border margin background  el-b14d575d\"><div class=\"vce-col-content\" data-vce-element-content=\"true\" data-vce-do-apply=\"padding el-b14d575d\"><div class=\"vce-text-block\"><div class=\"vce-text-block-wrapper vce\" id=\"el-d496dd78\" data-vce-do-apply=\"all el-d496dd78\">\n<p><span style=\"font-family: 'Libre Baskerville'; font-size: 12pt;\">Conform\u00e9ment aux dispositions des Articles 6-III et 19 de la Loi n\u00b02004-<\/span><br><span style=\"font-family: 'Libre Baskerville'; font-size: 12pt;\">575 du 21 juin 2004 pour la Confiance dans l\u2019\u00e9conomie num\u00e9rique, dite <\/span><br><span style=\"font-family: 'Libre Baskerville'; font-size: 12pt;\">L.C.E.N., il est port\u00e9 \u00e0 la connaissance des Utilisateurs du site de <\/span><br><span style=\"font-family: 'Libre Baskerville'; font-size: 12pt;\">l\u2019Atelier de la For\u00eat de Hez les pr\u00e9sentes mentions l\u00e9gales.<\/span><br><span style=\"font-family: 'Libre Baskerville'; font-size: 12pt;\">La connexion et la navigation sur le site de l\u2019Atelier de la For\u00eat de <\/span><br><span style=\"font-family: 'Libre Baskerville'; font-size: 12pt;\">Hez par l\u2019Utilisateur implique acceptation int\u00e9grale et sans r\u00e9serve des <\/span><br><span style=\"font-family: 'Libre Baskerville'; font-size: 12pt;\">pr\u00e9sentes mentions l\u00e9gales.<\/span><br><span style=\"font-family: 'Libre Baskerville'; font-size: 12pt;\">Ces derni\u00e8res sont accessibles sur le site \u00e0 la rubrique \u00ab Mentions <\/span><br><span style=\"font-family: 'Libre Baskerville'; font-size: 12pt;\">l\u00e9gales \u00bb. <\/span><\/p>\n<p><span style=\"font-family: 'Libre Baskerville';\"><\/span><\/p>\n<h3 class=\"wp-block-heading\"><span style=\"color: #ffcc00; font-size: 16pt;\"><strong><span style=\"font-family: 'Libre Baskerville';\">ARTICLE 1 : L\u2019\u00e9diteur<\/span><\/strong><\/span><\/h3>\n<p><span style=\"font-family: 'Libre Baskerville';\"><\/span><\/p>\n<p><span style=\"font-family: 'Libre Baskerville'; font-size: 12pt;\">L'\u00e9dition du site de l\u2019Atelier de la For\u00eat de Hez est assur\u00e9e par la <\/span><br><span style=\"font-family: 'Libre Baskerville'; font-size: 12pt;\">Soci\u00e9t\u00e9 Atelier de la For\u00eat de Hez au capital de 3000 euros, immatricul\u00e9e <\/span><br><span style=\"font-family: 'Libre Baskerville'; font-size: 12pt;\">au RCS de Beauvais sous le num\u00e9ro 87994397500018<\/span><br><span style=\"font-family: 'Libre Baskerville'; font-size: 12pt;\">num\u00e9ro de t\u00e9l\u00e9phone 06.48.05.91.02 adresse e-mail : afh60510@gmail.com<\/span><br><span style=\"font-family: 'Libre Baskerville'; font-size: 12pt;\">N\u00b0 de TVA intracommunautaire : 879943975<\/span><br><span style=\"font-family: 'Libre Baskerville'; font-size: 12pt;\">Le Directeur de la publication est Monsieur DEMONT Quentin<\/span><\/p>\n<p><span style=\"font-family: 'Libre Baskerville';\"><\/span><\/p>\n<h3 class=\"wp-block-heading\"><span style=\"color: #ffcc00; font-size: 16pt;\"><strong><span style=\"font-family: 'Libre Baskerville';\">ARTICLE 2 : L\u2019h\u00e9bergeur<\/span><\/strong><\/span><\/h3>\n<p><span style=\"font-family: 'Libre Baskerville';\"><\/span><\/p>\n<p><span style=\"font-family: 'Libre Baskerville'; font-size: 12pt;\">L'h\u00e9bergeur du site est la Soci\u00e9t\u00e9 Wordpress qui peut \u00eatre contact\u00e9e avec <\/span><br><span style=\"font-family: 'Libre Baskerville'; font-size: 12pt;\">le mail suivant : support@wordpress.com<\/span><\/p>\n<p><span style=\"font-family: 'Libre Baskerville';\"><\/span><\/p>\n<h3 class=\"wp-block-heading\"><span style=\"color: #ffcc00; font-size: 16pt;\"><strong><span style=\"font-family: 'Libre Baskerville';\">ARTICLE 3 : Acc\u00e8s au site<\/span><\/strong><\/span><\/h3>\n<p><span style=\"font-family: 'Libre Baskerville';\"><\/span><\/p>\n<p><span style=\"font-family: 'Libre Baskerville'; font-size: 12pt;\">Le site est accessible par tout endroit, 7j\/7, 24h\/24 sauf cas de force <\/span><br><span style=\"font-family: 'Libre Baskerville'; font-size: 12pt;\">majeure, interruption programm\u00e9e ou non et pouvant d\u00e9coulant d\u2019une <\/span><br><span style=\"font-family: 'Libre Baskerville'; font-size: 12pt;\">n\u00e9cessit\u00e9 de maintenance.<\/span><br><span style=\"font-family: 'Libre Baskerville'; font-size: 12pt;\">En cas de modification, interruption ou suspension des services le site <\/span><br><span style=\"font-family: 'Libre Baskerville'; font-size: 12pt;\">de l\u2019Atelier de la For\u00eat de Hez ne saurait \u00eatre tenu responsable.<\/span><\/p>\n<p><span style=\"font-family: 'Libre Baskerville';\"><\/span><\/p>\n<h3 class=\"wp-block-heading\"><span style=\"color: #ffcc00; font-size: 16pt;\"><strong><span style=\"font-family: 'Libre Baskerville';\">ARTICLE 4 : Collecte des donn\u00e9es<\/span><\/strong><\/span><\/h3>\n<p><span style=\"font-family: 'Libre Baskerville';\"><\/span><\/p>\n<p><span style=\"font-family: 'Libre Baskerville'; font-size: 12pt;\">Le site assure \u00e0 l'Utilisateur une collecte et un traitement <\/span><br><span style=\"font-family: 'Libre Baskerville'; font-size: 12pt;\">d'informations personnelles dans le respect de la vie priv\u00e9e conform\u00e9ment <\/span><br><span style=\"font-family: 'Libre Baskerville'; font-size: 12pt;\">\u00e0 la loi n\u00b078-17 du 6 janvier 1978 relative \u00e0 l'informatique, aux fichiers <\/span><br><span style=\"font-family: 'Libre Baskerville'; font-size: 12pt;\">et aux libert\u00e9s. <\/span><br><span style=\"font-family: 'Libre Baskerville'; font-size: 12pt;\">En vertu de la loi Informatique et Libert\u00e9s, en date du 6 janvier 1978, <\/span><br><span style=\"font-family: 'Libre Baskerville'; font-size: 12pt;\">l'Utilisateur dispose d'un droit d'acc\u00e8s, de rectification, de <\/span><br><span style=\"font-family: 'Libre Baskerville'; font-size: 12pt;\">suppression et d'opposition de ses donn\u00e9es personnelles. L'Utilisateur <\/span><br><span style=\"font-family: 'Libre Baskerville'; font-size: 12pt;\">exerce ce droit : par voie \u00e9lectronique \u00e0 l\u2019adresse mail :<\/span><br><span style=\"font-family: 'Libre Baskerville'; font-size: 12pt;\">afh60510@gmail.com<\/span><\/p>\n<p><span style=\"font-family: 'Libre Baskerville';\"><\/span><\/p>\n<h3 class=\"wp-block-heading\"><span style=\"color: #ffcc00; font-size: 16pt;\"><strong><span style=\"font-family: 'Libre Baskerville';\">ARTICLE 5 : Cookies<\/span><\/strong><\/span><\/h3>\n<p><span style=\"font-family: 'Libre Baskerville';\"><\/span><\/p>\n<p><span style=\"font-family: 'Libre Baskerville'; font-size: 12pt;\">L\u2019Utilisateur est inform\u00e9 que lors de ses visites sur le site, un cookie <\/span><br><span style=\"font-family: 'Libre Baskerville'; font-size: 12pt;\">peut s\u2019installer automatiquement sur son logiciel de navigation.<\/span><br><span style=\"font-family: 'Libre Baskerville'; font-size: 12pt;\">Un cookie est un \u00e9l\u00e9ment qui ne permet pas d\u2019identifier l\u2019Utilisateur <\/span><br><span style=\"font-family: 'Libre Baskerville'; font-size: 12pt;\">mais sert \u00e0 enregistrer des informations relatives \u00e0 la navigation de <\/span><br><span style=\"font-family: 'Libre Baskerville'; font-size: 12pt;\">celui-ci sur le site Internet. L\u2019Utilisateur pourra d\u00e9sactiver ce cookie <\/span><br><span style=\"font-family: 'Libre Baskerville'; font-size: 12pt;\">par l\u2019interm\u00e9diaire des param\u00e8tres figurant au sein de son logiciel de <\/span><br><span style=\"font-family: 'Libre Baskerville'; font-size: 12pt;\">navigation.<\/span><\/p>\n<p><span style=\"font-family: 'Libre Baskerville';\"><\/span><\/p>\n<h3 class=\"wp-block-heading\"><span style=\"color: #ffcc00; font-size: 16pt;\"><strong><span style=\"font-family: 'Libre Baskerville';\">ARTICLE 6 : Propri\u00e9t\u00e9 intellectuelle<\/span><\/strong><\/span><\/h3>\n<h3><span style=\"font-family: 'Libre Baskerville';\"><\/span><\/h3>\n<p><span style=\"font-family: 'Libre Baskerville'; font-size: 12pt;\">Toute utilisation, reproduction, diffusion, commercialisation, <\/span><br><span style=\"font-family: 'Libre Baskerville'; font-size: 12pt;\">modification de toute ou partie du site de l\u2019Atelier de la For\u00eat de Hez<\/span><br><span style=\"font-family: 'Libre Baskerville'; font-size: 12pt;\">sans autorisation de l\u2019Editeur est prohib\u00e9e et pourra entra\u00een\u00e9e des <\/span><br><span style=\"font-family: 'Libre Baskerville'; font-size: 12pt;\">actions et poursuites judiciaires telles que notamment pr\u00e9vues par le <\/span><br><span style=\"font-family: 'Libre Baskerville'; font-size: 12pt;\">Code de la propri\u00e9t\u00e9 intellectuelle et le Code civil.<\/span><br><span style=\"font-family: 'Libre Baskerville'; font-size: 12pt;\">Pour plus d\u2019informations, se reporter aux CGU du site de l\u2019Atelier de la <\/span><br><span style=\"font-family: 'Libre Baskerville'; font-size: 12pt;\">For\u00eat de Hez accessible \u00e0 la rubrique\u00ab CGU \u00bb<\/span><br><span style=\"font-family: 'Libre Baskerville'; font-size: 12pt;\">En vigueur au 01\/06\/2022<\/span><\/p>\n<\/div><\/div><\/div><\/div><\/div><\/div><\/div><\/div>","protected":false},"excerpt":{"rendered":"","protected":false},"author":1,"featured_media":0,"parent":0,"menu_order":0,"comment_status":"closed","ping_status":"closed","template":"template-fullwidth.php","meta":{"footnotes":""},"class_list":["post-3","page","type-page","status-publish","hentry"],"yoast_head":"<!-- This site is optimized with the Yoast SEO plugin v24.3 - https:\/\/yoast.com\/wordpress\/plugins\/seo\/ -->\n<title>Mentions L\u00e9gales - Atelier de la for\u00eat de Hez<\/title>\n<meta name=\"robots\" content=\"index, follow, max-snippet:-1, max-image-preview:large, max-video-preview:-1\" \/>\n<link rel=\"canonical\" href=\"https:\/\/atelierdelaforetdehez.fr\/?page_id=3\" \/>\n<meta property=\"og:locale\" content=\"fr_FR\" \/>\n<meta property=\"og:type\" content=\"article\" \/>\n<meta property=\"og:title\" content=\"Mentions L\u00e9gales - Atelier de la for\u00eat de Hez\" \/>\n<meta property=\"og:url\" content=\"https:\/\/atelierdelaforetdehez.fr\/?page_id=3\" \/>\n<meta property=\"og:site_name\" content=\"Atelier de la for\u00eat de Hez\" \/>\n<meta property=\"article:publisher\" content=\"https:\/\/www.facebook.com\/profile.php?id=100057486488270\" \/>\n<meta property=\"article:modified_time\" content=\"2022-04-10T16:04:54+00:00\" \/>\n<meta name=\"twitter:card\" content=\"summary_large_image\" \/>\n<meta name=\"twitter:label1\" content=\"Dur\u00e9e de lecture estim\u00e9e\" \/>\n\t<meta name=\"twitter:data1\" content=\"2 minutes\" \/>\n<script type=\"application\/ld+json\" class=\"yoast-schema-graph\">{\"@context\":\"https:\/\/schema.org\",\"@graph\":[{\"@type\":\"WebPage\",\"@id\":\"https:\/\/atelierdelaforetdehez.fr\/?page_id=3\",\"url\":\"https:\/\/atelierdelaforetdehez.fr\/?page_id=3\",\"name\":\"Mentions L\u00e9gales - Atelier de la for\u00eat de Hez\",\"isPartOf\":{\"@id\":\"https:\/\/atelierdelaforetdehez.fr\/#website\"},\"datePublished\":\"2022-01-06T18:08:18+00:00\",\"dateModified\":\"2022-04-10T16:04:54+00:00\",\"breadcrumb\":{\"@id\":\"https:\/\/atelierdelaforetdehez.fr\/?page_id=3#breadcrumb\"},\"inLanguage\":\"fr-FR\",\"potentialAction\":[{\"@type\":\"ReadAction\",\"target\":[\"https:\/\/atelierdelaforetdehez.fr\/?page_id=3\"]}]},{\"@type\":\"BreadcrumbList\",\"@id\":\"https:\/\/atelierdelaforetdehez.fr\/?page_id=3#breadcrumb\",\"itemListElement\":[{\"@type\":\"ListItem\",\"position\":1,\"name\":\"Accueil\",\"item\":\"https:\/\/atelierdelaforetdehez.fr\/\"},{\"@type\":\"ListItem\",\"position\":2,\"name\":\"Mentions L\u00e9gales\"}]},{\"@type\":\"WebSite\",\"@id\":\"https:\/\/atelierdelaforetdehez.fr\/#website\",\"url\":\"https:\/\/atelierdelaforetdehez.fr\/\",\"name\":\"Atelier de la for\u00eat de Hez\",\"description\":\"Armurerie dans l&#039;Oise\",\"publisher\":{\"@id\":\"https:\/\/atelierdelaforetdehez.fr\/#organization\"},\"potentialAction\":[{\"@type\":\"SearchAction\",\"target\":{\"@type\":\"EntryPoint\",\"urlTemplate\":\"https:\/\/atelierdelaforetdehez.fr\/?s={search_term_string}\"},\"query-input\":{\"@type\":\"PropertyValueSpecification\",\"valueRequired\":true,\"valueName\":\"search_term_string\"}}],\"inLanguage\":\"fr-FR\"},{\"@type\":\"Organization\",\"@id\":\"https:\/\/atelierdelaforetdehez.fr\/#organization\",\"name\":\"Atelier de la For\u00eat de Hez\",\"url\":\"https:\/\/atelierdelaforetdehez.fr\/\",\"logo\":{\"@type\":\"ImageObject\",\"inLanguage\":\"fr-FR\",\"@id\":\"https:\/\/atelierdelaforetdehez.fr\/#\/schema\/logo\/image\/\",\"url\":\"https:\/\/atelierdelaforetdehez.fr\/wp-content\/uploads\/2022\/06\/Capture-e1654441375318.png\",\"contentUrl\":\"https:\/\/atelierdelaforetdehez.fr\/wp-content\/uploads\/2022\/06\/Capture-e1654441375318.png\",\"width\":586,\"height\":588,\"caption\":\"Atelier de la For\u00eat de Hez\"},\"image\":{\"@id\":\"https:\/\/atelierdelaforetdehez.fr\/#\/schema\/logo\/image\/\"},\"sameAs\":[\"https:\/\/www.facebook.com\/profile.php?id=100057486488270\"]}]}<\/script>\n<!-- \/ Yoast SEO plugin. -->","yoast_head_json":{"title":"Mentions L\u00e9gales - Atelier de la for\u00eat de Hez","robots":{"index":"index","follow":"follow","max-snippet":"max-snippet:-1","max-image-preview":"max-image-preview:large","max-video-preview":"max-video-preview:-1"},"canonical":"https:\/\/atelierdelaforetdehez.fr\/?page_id=3","og_locale":"fr_FR","og_type":"article","og_title":"Mentions L\u00e9gales - Atelier de la for\u00eat de Hez","og_url":"https:\/\/atelierdelaforetdehez.fr\/?page_id=3","og_site_name":"Atelier de la for\u00eat de Hez","article_publisher":"https:\/\/www.facebook.com\/profile.php?id=100057486488270","article_modified_time":"2022-04-10T16:04:54+00:00","twitter_card":"summary_large_image","twitter_misc":{"Dur\u00e9e de lecture estim\u00e9e":"2 minutes"},"schema":{"@context":"https:\/\/schema.org","@graph":[{"@type":"WebPage","@id":"https:\/\/atelierdelaforetdehez.fr\/?page_id=3","url":"https:\/\/atelierdelaforetdehez.fr\/?page_id=3","name":"Mentions L\u00e9gales - Atelier de la for\u00eat de Hez","isPartOf":{"@id":"https:\/\/atelierdelaforetdehez.fr\/#website"},"datePublished":"2022-01-06T18:08:18+00:00","dateModified":"2022-04-10T16:04:54+00:00","breadcrumb":{"@id":"https:\/\/atelierdelaforetdehez.fr\/?page_id=3#breadcrumb"},"inLanguage":"fr-FR","potentialAction":[{"@type":"ReadAction","target":["https:\/\/atelierdelaforetdehez.fr\/?page_id=3"]}]},{"@type":"BreadcrumbList","@id":"https:\/\/atelierdelaforetdehez.fr\/?page_id=3#breadcrumb","itemListElement":[{"@type":"ListItem","position":1,"name":"Accueil","item":"https:\/\/atelierdelaforetdehez.fr\/"},{"@type":"ListItem","position":2,"name":"Mentions L\u00e9gales"}]},{"@type":"WebSite","@id":"https:\/\/atelierdelaforetdehez.fr\/#website","url":"https:\/\/atelierdelaforetdehez.fr\/","name":"Atelier de la for\u00eat de Hez","description":"Armurerie dans l&#039;Oise","publisher":{"@id":"https:\/\/atelierdelaforetdehez.fr\/#organization"},"potentialAction":[{"@type":"SearchAction","target":{"@type":"EntryPoint","urlTemplate":"https:\/\/atelierdelaforetdehez.fr\/?s={search_term_string}"},"query-input":{"@type":"PropertyValueSpecification","valueRequired":true,"valueName":"search_term_string"}}],"inLanguage":"fr-FR"},{"@type":"Organization","@id":"https:\/\/atelierdelaforetdehez.fr\/#organization","name":"Atelier de la For\u00eat de Hez","url":"https:\/\/atelierdelaforetdehez.fr\/","logo":{"@type":"ImageObject","inLanguage":"fr-FR","@id":"https:\/\/atelierdelaforetdehez.fr\/#\/schema\/logo\/image\/","url":"https:\/\/atelierdelaforetdehez.fr\/wp-content\/uploads\/2022\/06\/Capture-e1654441375318.png","contentUrl":"https:\/\/atelierdelaforetdehez.fr\/wp-content\/uploads\/2022\/06\/Capture-e1654441375318.png","width":586,"height":588,"caption":"Atelier de la For\u00eat de Hez"},"image":{"@id":"https:\/\/atelierdelaforetdehez.fr\/#\/schema\/logo\/image\/"},"sameAs":["https:\/\/www.facebook.com\/profile.php?id=100057486488270"]}]}},"jetpack_sharing_enabled":true,"_links":{"self":[{"href":"https:\/\/atelierdelaforetdehez.fr\/index.php?rest_route=\/wp\/v2\/pages\/3","targetHints":{"allow":["GET"]}}],"collection":[{"href":"https:\/\/atelierdelaforetdehez.fr\/index.php?rest_route=\/wp\/v2\/pages"}],"about":[{"href":"https:\/\/atelierdelaforetdehez.fr\/index.php?rest_route=\/wp\/v2\/types\/page"}],"author":[{"embeddable":true,"href":"https:\/\/atelierdelaforetdehez.fr\/index.php?rest_route=\/wp\/v2\/users\/1"}],"replies":[{"embeddable":true,"href":"https:\/\/atelierdelaforetdehez.fr\/index.php?rest_route=%2Fwp%2Fv2%2Fcomments&post=3"}],"version-history":[{"count":5,"href":"https:\/\/atelierdelaforetdehez.fr\/index.php?rest_route=\/wp\/v2\/pages\/3\/revisions"}],"predecessor-version":[{"id":336,"href":"https:\/\/atelierdelaforetdehez.fr\/index.php?rest_route=\/wp\/v2\/pages\/3\/revisions\/336"}],"wp:attachment":[{"href":"https:\/\/atelierdelaforetdehez.fr\/index.php?rest_route=%2Fwp%2Fv2%2Fmedia&parent=3"}],"curies":[{"name":"wp","href":"https:\/\/api.w.org\/{rel}","templated":true}]}}